{"id":5,"date":"2022-05-03T10:59:19","date_gmt":"2022-05-03T10:59:19","guid":{"rendered":"http:\/\/wybrzezak.org\/?page_id=5"},"modified":"2022-05-03T10:59:21","modified_gmt":"2022-05-03T10:59:21","slug":"wielki-ekran-najbardziej-intrygujace-kina-w-polsce","status":"publish","type":"page","link":"https:\/\/wybrzezak.org\/","title":{"rendered":"Wielki\u00a0ekran:\u00a0najbardziej\u00a0intryguj\u0105ce\u00a0kina\u00a0w\u00a0Polsce"},"content":{"rendered":"\n<figure class=\"wp-block-image size-full\"><img loading=\"lazy\" width=\"900\" height=\"600\" src=\"http:\/\/wybrzezak.org\/wp-content\/uploads\/2022\/05\/89dfc849b169903ec18c0d0c27c436a2_XL.jpg\" alt=\"\" class=\"wp-image-7\" srcset=\"https:\/\/wybrzezak.org\/wp-content\/uploads\/2022\/05\/89dfc849b169903ec18c0d0c27c436a2_XL.jpg 900w, https:\/\/wybrzezak.org\/wp-content\/uploads\/2022\/05\/89dfc849b169903ec18c0d0c27c436a2_XL-300x200.jpg 300w, https:\/\/wybrzezak.org\/wp-content\/uploads\/2022\/05\/89dfc849b169903ec18c0d0c27c436a2_XL-768x512.jpg 768w\" sizes=\"(max-width: 900px) 100vw, 900px\" \/><\/figure>\n\n\n\n<p>Liczba\u00a0kinoman\u00f3w\u00a0w\u00a0Polsce\u00a0stale\u00a0ro\u015bnie.\u00a0W\u00a02006\u00a0roku\u00a0sprzedano\u00a0prawie\u00a052\u00a0miliony\u00a0bilet\u00f3w,\u00a0o\u00a0sze\u015b\u0107\u00a0milion\u00f3w\u00a0wi\u0119cej\u00a0ni\u017c\u00a0rok\u00a0wcze\u015bniej.\u00a0Wi\u0119kszo\u015b\u0107\u00a0seans\u00f3w\u00a0odbywa\u00a0si\u0119\u00a0w\u00a0multipleksach,\u00a0zwykle\u00a0zlokalizowanych\u00a0w\u00a0galeriach\u00a0handlowych.\u00a0Na\u00a0szcz\u0119\u015bcie\u00a0wci\u0105\u017c\u00a0istniej\u0105\u00a0mniejsze\u00a0kina\u00a0lokalne,\u00a0kt\u00f3re\u00a0oferuj\u0105\u00a0nie\u00a0tylko\u00a0filmy,\u00a0ale\u00a0tak\u017ce\u00a0niepowtarzaln\u0105\u00a0atmosfer\u0119.\u00a0Culture.pl\u00a0prezentuje\u00a0niekt\u00f3re\u00a0z\u00a0tych\u00a0najbardziej\u00a0intryguj\u0105cych\u00a0polskich\u00a0kin.<\/p>\n\n\n\n<h2>Pobierz\u00a0nasz\u00a0biuletyn!<\/h2>\n\n\n\n<p><br>Dane\u00a0G\u0142\u00f3wnego\u00a0Urz\u0119du\u00a0Statystycznego\u00a0pokazuj\u0105\u00a0wielk\u0105\u00a0zmian\u0119,\u00a0jaka\u00a0zasz\u0142a\u00a0w\u00a0ci\u0105gu\u00a0ostatnich\u00a0kilkudziesi\u0119ciu\u00a0lat\u00a0na\u00a0rynku\u00a0kinowym\u00a0w\u00a0Polsce.\u00a0W\u00a02000\u00a0roku\u00a0dost\u0119p\u00a0do\u00a0kina\u00a0mieli\u00a0mieszka\u0144cy\u00a0479\u00a0gmin,\u00a0w\u00a02012\u00a0tylko\u00a0308\u00a0\u2013\u00a0wygl\u0105da\u00a0na\u00a0to,\u00a0\u017ce\u00a0kina\u00a0znikaj\u0105\u00a0z\u00a0ma\u0142ych\u00a0miast\u00a0i\u00a0przenosz\u0105\u00a0si\u0119\u00a0do\u00a0galerii\u00a0handlowych.\u00a0Kolejnym\u00a0dowodem\u00a0na\u00a0to\u00a0jest\u00a0fakt,\u00a0\u017ce\u00a0w\u00a02016\u00a0r.\u00a0funkcjonowa\u0142y\u00a0\u0142\u0105cznie\u00a0484\u00a0kina\u00a0i\u00a01364\u00a0sale\u00a0kinowe.\u00a0W\u00a02001\u00a0roku\u00a0dzia\u0142a\u0142o\u00a0639\u00a0ma\u0142ych\u00a0kin\u00a0jedno-\u00a0lub\u00a0dwusalowych,\u00a0a\u00a011\u00a0lat\u00a0p\u00f3\u017aniej\u00a0ich\u00a0liczba\u00a0spad\u0142a\u00a0do\u00a0341.<\/p>\n\n\n\n<h2>Pionier\u00a0Cinema,\u00a0Szczecin<\/h2>\n\n\n\n<p>To\u00a0jedno\u00a0z\u00a0najstarszych\u00a0wci\u0105\u017c\u00a0u\u017cywanych\u00a0kin\u00a0na\u00a0\u015bwiecie\u00a0\u2013\u00a0o\u00a0czym\u00a0\u015bwiadczy\u00a0certyfikat\u00a0Guinness\u00a0World\u00a0Records.\u00a0Wed\u0142ug\u00a0oficjalnych\u00a0danych\u00a0pierwszy\u00a0pokaz\u00a0odby\u0142\u00a0si\u0119\u00a029\u00a0wrze\u015bnia\u00a01909\u00a0r.,\u00a0ale\u00a0niekt\u00f3rzy\u00a0badacze\u00a0twierdz\u0105,\u00a0\u017ce\u00a0zacz\u0105\u0142\u00a0dzia\u0142a\u0107\u00a0ju\u017c\u00a0dwa\u00a0lata\u00a0wcze\u015bniej.\u00a0Jej\u00a0tw\u00f3rc\u0105\u00a0i\u00a0pierwszym\u00a0w\u0142a\u015bcicielem\u00a0by\u0142\u00a0Otto\u00a0Blauert.<\/p>\n\n\n\n<p>Ten&nbsp;szczeci\u0144ski&nbsp;teatr&nbsp;kilkakrotnie&nbsp;zmienia\u0142&nbsp;nazw\u0119:&nbsp;najpierw&nbsp;nazywano&nbsp;Weltkinotheater,&nbsp;potem&nbsp;Odra,&nbsp;a&nbsp;od&nbsp;1950&nbsp;roku&nbsp;\u2013&nbsp;Pionier.&nbsp;W&nbsp;2002&nbsp;roku&nbsp;budynek&nbsp;zosta\u0142&nbsp;wyremontowany:&nbsp;kino&nbsp;zachowa\u0142o&nbsp;staromodny&nbsp;klimat,&nbsp;ale&nbsp;zyska\u0142o&nbsp;nowoczesne&nbsp;wyposa\u017cenie&nbsp;i&nbsp;niezwyk\u0142\u0105&nbsp;kawiarni\u0119,&nbsp;w&nbsp;kt\u00f3rej&nbsp;mo\u017cna&nbsp;r\u00f3wnie\u017c&nbsp;organizowa\u0107&nbsp;pokazy&nbsp;filmowe.&nbsp;Przypomina&nbsp;to&nbsp;pocz\u0105tek&nbsp;XX&nbsp;wieku&nbsp;,&nbsp;kiedy&nbsp;mo\u017cna&nbsp;by\u0142o&nbsp;ogl\u0105da\u0107&nbsp;filmy&nbsp;siedz\u0105c&nbsp;przy&nbsp;kawiarnianym&nbsp;stoliku,&nbsp;popijaj\u0105c&nbsp;kaw\u0119&nbsp;lub&nbsp;lampk\u0119&nbsp;wina.<\/p>\n\n\n\n<p>Pionier&nbsp;Cinema&nbsp;is&nbsp;located&nbsp;in&nbsp;an&nbsp;eclectic&nbsp;tenement&nbsp;building&nbsp;on&nbsp;Aleja&nbsp;Wojska&nbsp;Polskiego&nbsp;in&nbsp;Szczecin&nbsp;city&nbsp;centre.<\/p>\n\n\n\n<h2>Kino\u00a0Rialto,\u00a0Katowice<\/h2>\n\n\n\n<figure class=\"wp-block-image size-full\"><img loading=\"lazy\" width=\"900\" height=\"599\" src=\"http:\/\/wybrzezak.org\/wp-content\/uploads\/2022\/05\/699faf5d13610a660f1e3b25db20b4fd_XL.jpg\" alt=\"\" class=\"wp-image-8\" srcset=\"https:\/\/wybrzezak.org\/wp-content\/uploads\/2022\/05\/699faf5d13610a660f1e3b25db20b4fd_XL.jpg 900w, https:\/\/wybrzezak.org\/wp-content\/uploads\/2022\/05\/699faf5d13610a660f1e3b25db20b4fd_XL-300x200.jpg 300w, https:\/\/wybrzezak.org\/wp-content\/uploads\/2022\/05\/699faf5d13610a660f1e3b25db20b4fd_XL-768x511.jpg 768w\" sizes=\"(max-width: 900px) 100vw, 900px\" \/><\/figure>\n\n\n\n<p>Widzowie\u00a0oczekuj\u0105cy\u00a0przed\u00a0kinem\u00a0&#8220;Rialto&#8221;\u00a0na\u00a0projekcj\u0119\u00a0filmu\u00a0z\u00a0uroczysto\u015bci\u00a0pogrzebowych\u00a0marsza\u0142ka\u00a0J\u00f3zefa\u00a0Pi\u0142sudskiego,\u00a0fot.www.audiovis.nac.gov.pl\u00a0(NAC)<\/p>\n\n\n\n<p><br>Kino\u00a0Rialto,\u00a0Katowice,\u00a0fot.\u00a0wikimedia.org.\u00a0Publiczno\u015b\u0107\u00a0czekaj\u0105ca\u00a0przed\u00a0kinem\u00a0Rialto\u00a0na\u00a0pokaz\u00a0ceremonii\u00a0pogrzebowej\u00a0Marsza\u0142ka\u00a0J\u00f3zefa\u00a0Pi\u0142sudskiego,\u00a0fot.\u00a0www.audiovis.nac.gov.pl\u00a0(NAC)<\/p>\n\n\n\n<p><br>Zbudowane\u00a0w\u00a0czasach\u00a0okupacji\u00a0tej\u00a0cz\u0119\u015bci\u00a0Polski\u00a0przez\u00a0Austro-W\u0119gry\u00a0Kino\u00a0Kammerlichtspiele\u00a0rozpocz\u0119\u0142o\u00a0dzia\u0142alno\u015b\u0107\u00a07\u00a0listopada\u00a01912\u00a0roku\u00a0w\u00a0zmodernizowanym\u00a0klasycystycznym\u00a0budynku\u00a0przy\u00a0ul.\u00a0\u015awi\u0119ty\u00a0Jan\u00a0w\u00a0Katowicach.\u00a0Jego\u00a0audytorium\u00a0na\u00a0800\u00a0miejsc\u00a0towarzyszy\u0142o\u00a0podium\u00a0dla\u00a020osobowej\u00a0orkiestry\u00a0\u2013\u00a0w\u00f3wczas\u00a0filmy\u00a0by\u0142y\u00a0w\u00f3wczas\u00a0nieme\u00a0(pierwszy\u00a0pokaz\u00a0z\u00a0d\u017awi\u0119kiem\u00a0w\u00a0tym\u00a0kinie\u00a0odby\u0142\u00a0si\u0119\u00a0w\u00a01929\u00a0roku).\u00a0Pomimo\u00a0zmiany\u00a0nazwy\u00a0na\u00a0Rialto,\u00a0kino\u00a0dzia\u0142a\u00a0w\u00a0tym\u00a0samym\u00a0budynku\u00a0do\u00a0dzi\u015b.\u00a0Wyremontowano\u00a0go\u00a0prawie\u00a0100\u00a0lat\u00a0po\u00a0otwarciu\u00a0w\u00a0latach\u00a02004-2005\u00a0i\u00a0unowocze\u015bniono\u00a0jego\u00a0wyposa\u017cenie.\u00a0Remont\u00a0obejmowa\u0142\u00a0przekszta\u0142cenie\u00a0go\u00a0w\u00a0wielofunkcyjne\u00a0kinoteatr,\u00a0z\u00a0centrum\u00a0kultury\u00a0z\u00a0sal\u0105\u00a0kinow\u0105,\u00a0scen\u0105\u00a0kabaretow\u0105,\u00a0galeri\u0105\u00a0i\u00a0klubem\u00a0senior\u00f3w.<\/p>\n\n\n\n<h2>Kino\u00a0Iluzjon,\u00a0Warszawa<\/h2>\n\n\n\n<figure class=\"wp-block-image size-full\"><img loading=\"lazy\" width=\"900\" height=\"599\" src=\"http:\/\/wybrzezak.org\/wp-content\/uploads\/2022\/05\/4543774557029508e62b1cce82675874_XL.jpg\" alt=\"\" class=\"wp-image-9\" srcset=\"https:\/\/wybrzezak.org\/wp-content\/uploads\/2022\/05\/4543774557029508e62b1cce82675874_XL.jpg 900w, https:\/\/wybrzezak.org\/wp-content\/uploads\/2022\/05\/4543774557029508e62b1cce82675874_XL-300x200.jpg 300w, https:\/\/wybrzezak.org\/wp-content\/uploads\/2022\/05\/4543774557029508e62b1cce82675874_XL-768x511.jpg 768w\" sizes=\"(max-width: 900px) 100vw, 900px\" \/><\/figure>\n\n\n\n<p><br>Kino\u00a0Iluzjon,\u00a0Warszawa,\u00a02012,\u00a0fot.\u00a0Kuba\u00a0Atys\/AG,\u00a0Kino\u00a0Stolica\u00a0w\u00a0Warszawie,\u00a01955,\u00a0fot.\u00a0Archiwum\u00a0Fotograficzne\u00a0Zbyszka\u00a0Siemaszki\/www.audiovis.nac.gov.pl\u00a0(NAC)\u00a0Click\u00a0and\u00a0drag\u00a0to\u00a0move<br>Iluzjon\u00a0Cinema,\u00a0Warsaw,\u00a02012,\u00a0photo:\u00a0Kuba\u00a0Atys\/AG,\u00a0Stolica\u00a0Cinema\u00a0in\u00a0Warsaw,\u00a01955,\u00a0photo:\u00a0Zbyszek\u00a0Siemaszka\u2019s\u00a0archive\/www.audiovis.nac.gov.pl\u00a0(NAC)<\/p>\n\n\n\n<p><br>W\u00a01939\u00a0przed\u00a0wojn\u0105\u00a0w\u00a0Warszawie\u00a0by\u0142o\u00a061\u00a0kin.\u00a0W\u00a01948\u00a0roku\u00a0zosta\u0142o\u00a0tylko\u00a0sze\u015b\u0107.\u00a0Zgodnie\u00a0z\u00a0ide\u0105,\u00a0\u017ce\u00a0film\u00a0mo\u017ce\u00a0odgrywa\u0107\u00a0rol\u0119\u00a0w\u00a0kszta\u0142towaniu\u00a0spo\u0142ecze\u0144stwa,\u00a0w\u00a0latach\u00a01948-1950\u00a0powsta\u0142o\u00a0sze\u015b\u0107\u00a0nowych\u00a0wolnostoj\u0105cych\u00a0nowoczesnych\u00a0kin.\u00a0Moskwa,\u00a0Praga,\u00a01\u00a0Maj,\u00a0Ochota\u00a0i\u00a0Stolica\u00a0zosta\u0142y\u00a0rozsiane\u00a0po\u00a0mie\u015bcie,\u00a0aby\u00a0udost\u0119pni\u0107\u00a0filmy\u00a0mieszka\u0144com\u00a0wszystkich\u00a0dzielnic.\u00a0Charakterystyczna\u00a0dla\u00a0wszystkich\u00a0by\u0142a\u00a0ich\u00a0modernistyczna\u00a0architektura.<\/p>\n\n\n\n<p>Niestety&nbsp;tylko&nbsp;jedno&nbsp;z&nbsp;nich&nbsp;zachowa\u0142o&nbsp;swoj\u0105&nbsp;pierwotn\u0105&nbsp;funkcj\u0119&nbsp;i&nbsp;form\u0119&nbsp;\u2013&nbsp;dawne&nbsp;Kino&nbsp;Stolica&nbsp;\u2013&nbsp;dzi\u015b&nbsp;nazywane&nbsp;Iluzjon.&nbsp;Zosta\u0142&nbsp;nawet&nbsp;wpisany&nbsp;do&nbsp;rejestru&nbsp;zabytk\u00f3w.&nbsp;Pieczo\u0142owicie&nbsp;odrestaurowany&nbsp;i&nbsp;po\u0142o\u017cony&nbsp;na&nbsp;niewielkim&nbsp;parkowym&nbsp;skwerze&nbsp;na&nbsp;Mokotowie,&nbsp;nale\u017cy&nbsp;do&nbsp;Filmoteki&nbsp;Narodowej&nbsp;i&nbsp;dzi\u0119ki&nbsp;temu&nbsp;na&nbsp;co&nbsp;dzie\u0144&nbsp;prezentuje&nbsp;rzadko&nbsp;pokazywane&nbsp;celuloidowe&nbsp;klasyki.&nbsp;Kino&nbsp;posiada&nbsp;charakterystyczn\u0105&nbsp;rotund\u0119&nbsp;od&nbsp;frontu&nbsp;i&nbsp;falisty&nbsp;dach&nbsp;nad&nbsp;g\u0142\u00f3wnym&nbsp;budynkiem&nbsp;oraz&nbsp;dwie&nbsp;sale&nbsp;kinowe.&nbsp;Zaprojektowany&nbsp;w&nbsp;1948&nbsp;r.&nbsp;przez&nbsp;Mieczys\u0142awa&nbsp;Pipreka,&nbsp;w&nbsp;2012&nbsp;r.&nbsp;przeprowadzono&nbsp;renowacj\u0119&nbsp;wed\u0142ug&nbsp;pierwotnych&nbsp;plan\u00f3w&nbsp;wed\u0142ug&nbsp;projektu&nbsp;zespo\u0142u&nbsp;architekt\u00f3w&nbsp;pod&nbsp;kierunkiem&nbsp;Tadeusza&nbsp;A.&nbsp;\u017bery.<\/p>\n\n\n\n<h2>Kij\u00f3w\u00a0Cinema,\u00a0Krak\u00f3w<\/h2>\n\n\n\n<p><br>Mozaika\u00a0w\u00a0holu\u00a0g\u0142\u00f3wnym\u00a0kina\u00a0&#8220;Kij\u00f3w&#8221;\u00a0oraz\u00a0budynek\u00a0kina,\u00a0fot.\u00a0Jan\u00a0Graczynski\/East\u00a0News,\u00a0wikimedia.org.\u00a0Tylna\u00a0\u015bciana\u00a0kina\u00a0&#8220;Kij\u00f3w&#8221;,\u00a0proj.\u00a0Witold\u00a0C\u0119ckiewicz,\u00a01965-1966\u00a0al.\u00a0Krasi\u0144skiego\u00a034,\u00a0fotografia\u00a0z\u00a0ksi\u0105\u017cki\u00a0&#8220;Kolor\u00a0i\u00a0blask&#8221;,\u00a02015,\u00a0fot.\u00a0Bo\u017cena\u00a0Kostuch\u00a0\/\u00a0Muzeum\u00a0Narodowe\u00a0w\u00a0Krakowie<\/p>\n\n\n\n<p><br>Mosaic\u00a0in\u00a0the\u00a0main\u00a0hall\u00a0of\u00a0Kij\u00f3w\u00a0Cinema\u00a0and\u00a0the\u00a0cinema\u00a0building,\u00a0photo:\u00a0Jan\u00a0Graczynski\/East\u00a0News,\u00a0wikimedia.org.\u00a0Back\u00a0wall\u00a0of\u00a0Kij\u00f3w\u00a0Cinema,\u00a0designed\u00a0by\u00a0Witold\u00a0C\u0119ckiewicz,\u00a01965-1966,\u00a034\u00a0Krasi\u0144ski\u00a0Street,\u00a0photo\u00a0from\u00a0the\u00a0book\u00a0Kolor\u00a0i\u00a0Blask,\u00a02015,\u00a0photo:\u00a0Bo\u017cena\u00a0Kostuch\/National\u00a0Museum\u00a0in\u00a0Krak\u00f3w<\/p>\n\n\n\n<p><br>Kino\u00a0Kij\u00f3w\u00a0zosta\u0142o\u00a0zaprojektowane\u00a0przez\u00a0Witolda\u00a0C\u0119ckiewicza\u00a0i\u00a0wybudowane\u00a0w\u00a0latach\u00a01959-1966.\u00a0Szczeg\u00f3lnie\u00a0niezwyk\u0142\u0105\u00a0cech\u0105\u00a0jest\u00a0fizyczne\u00a0po\u0142\u0105czenie\u00a0budynku\u00a0z\u00a0s\u0105siednim\u00a0modernistycznym\u00a0Hotelem\u00a0Cracovia\u00a0poprzez\u00a0system\u00a0taras\u00f3w\u00a0i\u00a0podest\u00f3w.\u00a0Mimo\u00a0plan\u00f3w\u00a0wyburzenia\u00a0hotelu,\u00a0budynek\u00a0szcz\u0119\u015bliwie\u00a0przej\u0119\u0142o\u00a0Muzeum\u00a0Narodowe\u00a0w\u00a0Krakowie.\u00a0Kino\u00a0dzia\u0142a\u00a0nieprzerwanie\u00a0od\u00a0momentu\u00a0otwarcia\u00a0i\u00a0pozostaje\u00a0bardzo\u00a0popularne\u00a0w\u015br\u00f3d\u00a0mieszka\u0144c\u00f3w.<\/p>\n\n\n\n<p>Wpisany&nbsp;do&nbsp;rejestru&nbsp;zabytk\u00f3w&nbsp;w&nbsp;2016&nbsp;roku&nbsp;budynek&nbsp;posiada&nbsp;kilka&nbsp;charakterystycznych&nbsp;cech,&nbsp;m.in.&nbsp;wisz\u0105cy&nbsp;\u0142ukowaty&nbsp;dach,&nbsp;przeszklon\u0105&nbsp;fasad\u0119&nbsp;oraz&nbsp;mozaik\u0119&nbsp;z&nbsp;motywem&nbsp;s\u0142o\u0144ca&nbsp;pokrywaj\u0105c\u0105&nbsp;jedn\u0105&nbsp;ze&nbsp;\u015bcian.&nbsp;R\u00f3wnie&nbsp;dopracowane&nbsp;jest&nbsp;wn\u0119trze:&nbsp;\u015bcian\u0119&nbsp;foyer&nbsp;pokrywa&nbsp;monumentalna&nbsp;kompozycja&nbsp;ceramiczna&nbsp;(zaprojektowa\u0142a&nbsp;Krystyna&nbsp;Zgud-Strachocka),&nbsp;a&nbsp;nowoczesna&nbsp;widownia&nbsp;mo\u017ce&nbsp;pomie\u015bci\u0107&nbsp;nawet&nbsp;960&nbsp;widz\u00f3w&nbsp;(przez&nbsp;d\u0142ugi&nbsp;czas&nbsp;Kij\u00f3w&nbsp;by\u0142&nbsp;najwi\u0119kszym&nbsp;kinem&nbsp;w&nbsp;Krakowie&nbsp;).<\/p>\n\n\n\n<h2>Apollo\u00a0Cinema,\u00a0Pozna\u0144<\/h2>\n\n\n\n<p><br>Kino\u00a0&#8220;Apollo&#8221;,\u00a0Pozna\u0144,\u00a01925,\u00a0fot.\u00a0www.audiovis.nac.gov.pl\u00a0(NAC).\u00a0Wn\u0119trze\u00a0sali\u00a0kina\u00a0&#8220;Apollo&#8221;\u00a0w\u00a0Poznaniu,\u00a0fot.\u00a0\u0141ukasz\u00a0Cynalewski\/AG.\u00a0Kino\u00a0&#8220;Apollo&#8221;,\u00a0Pozna\u0144,\u00a0fot.\u00a0wikimedia.org<\/p>\n\n\n\n<p><br>Apollo\u00a0Cinema,\u00a0Pozna\u0144,\u00a01925,\u00a0photo:\u00a0www.audiovis.nac.gov.pl\u00a0(NAC);\u00a0The\u00a0auditorium\u00a0in\u00a0Apollo\u00a0Cinema\u00a0in\u00a0Pozna\u0144,\u00a0photo:\u00a0\u0141ukasz\u00a0Cynalewski\/AG;\u00a0Apollo\u00a0Cinema,\u00a0Pozna\u0144,\u00a0photo:\u00a0wikimedia.org<\/p>\n\n\n\n<p><br>W\u00a01846\u00a0r.\u00a0pruski\u00a0przemys\u0142owiec\u00a0Conrad\u00a0Lambert\u00a0wybudowa\u0142\u00a0w\u00a0Poznaniu\u00a0pasa\u017c\u00a0handlowy\u00a0Apollo\u00a0pomi\u0119dzy\u00a0ulicami\u00a0Ratajczaka\u00a0i\u00a0Piekary.\u00a0Po\u00a0I\u00a0wojnie\u00a0\u015bwiatowej\u00a0i\u00a0odzyskaniu\u00a0przez\u00a0Polsk\u0119\u00a0ziem\u00a0polscy\u00a0inwestorzy\u00a0J\u00f3zef\u00a0Czepczy\u0144ski\u00a0i\u00a0Jan\u00a0\u0141uczak\u00a0utworzyli\u00a0w\u00a0pasa\u017cu\u00a0kino,\u00a0kt\u00f3re\u00a0dzia\u0142a\u00a0do\u00a0dzi\u015b.\u00a0W\u00a0okresie\u00a0mi\u0119dzywojennym\u00a0by\u0142o\u00a0to\u00a0jedno\u00a0z\u00a0najpopularniejszych\u00a0miejsc\u00a0w\u00a0Poznaniu\u00a0i\u00a0najwi\u0119ksze\u00a0kino\u00a0w\u00a0mie\u015bcie\u00a0(mog\u0142o\u00a0pomie\u015bci\u0107\u00a0900\u00a0os\u00f3b).\u00a0W\u00a02005\u00a0roku\u00a0kino\u00a0zosta\u0142o\u00a0wyremontowane\u00a0i\u00a0zmodernizowane.\u00a0Nowe\u00a0wn\u0119trze\u00a0zosta\u0142o\u00a0zainspirowane\u00a0stylem\u00a0Art\u00a0Deco\u00a0i\u00a0nawi\u0105zuje\u00a0do\u00a0z\u0142otego\u00a0wieku\u00a0kina.<\/p>\n\n\n\n<p><\/p>\n\n\n\n<p><\/p>\n","protected":false},"excerpt":{"rendered":"<p>Liczba\u00a0kinoman\u00f3w\u00a0w\u00a0Polsce\u00a0stale\u00a0ro\u015bnie.\u00a0W\u00a02006\u00a0roku\u00a0sprzedano\u00a0prawie\u00a052\u00a0miliony\u00a0bilet\u00f3w,\u00a0o\u00a0sze\u015b\u0107\u00a0milion\u00f3w\u00a0wi\u0119cej\u00a0ni\u017c\u00a0rok\u00a0wcze\u015bniej.\u00a0Wi\u0119kszo\u015b\u0107\u00a0seans\u00f3w\u00a0odbywa\u00a0si\u0119\u00a0w\u00a0multipleksach,\u00a0zwykle\u00a0zlokalizowanych\u00a0w\u00a0galeriach\u00a0handlowych.\u00a0Na\u00a0szcz\u0119\u015bcie\u00a0wci\u0105\u017c\u00a0istniej\u0105\u00a0mniejsze\u00a0kina\u00a0lokalne,\u00a0kt\u00f3re\u00a0oferuj\u0105\u00a0nie\u00a0tylko\u00a0filmy,\u00a0ale\u00a0tak\u017ce\u00a0niepowtarzaln\u0105\u00a0atmosfer\u0119.\u00a0Culture.pl\u00a0prezentuje\u00a0niekt\u00f3re\u00a0z\u00a0tych\u00a0najbardziej\u00a0intryguj\u0105cych\u00a0polskich\u00a0kin. Pobierz\u00a0nasz\u00a0biuletyn! Dane\u00a0G\u0142\u00f3wnego\u00a0Urz\u0119du\u00a0Statystycznego\u00a0pokazuj\u0105\u00a0wielk\u0105\u00a0zmian\u0119,\u00a0jaka\u00a0zasz\u0142a\u00a0w\u00a0ci\u0105gu\u00a0ostatnich\u00a0kilkudziesi\u0119ciu\u00a0lat\u00a0na\u00a0rynku\u00a0kinowym\u00a0w\u00a0Polsce.\u00a0W\u00a02000\u00a0roku\u00a0dost\u0119p\u00a0do\u00a0kina\u00a0mieli\u00a0mieszka\u0144cy\u00a0479\u00a0gmin,\u00a0w\u00a02012\u00a0tylko\u00a0308\u00a0\u2013\u00a0wygl\u0105da\u00a0na\u00a0to,\u00a0\u017ce\u00a0kina\u00a0znikaj\u0105\u00a0z\u00a0ma\u0142ych\u00a0miast\u00a0i\u00a0przenosz\u0105\u00a0si\u0119\u00a0do\u00a0galerii\u00a0handlowych.\u00a0Kolejnym\u00a0dowodem\u00a0na\u00a0to\u00a0jest\u00a0fakt,\u00a0\u017ce\u00a0w\u00a02016\u00a0r.\u00a0funkcjonowa\u0142y\u00a0\u0142\u0105cznie\u00a0484\u00a0kina\u00a0i\u00a01364\u00a0sale\u00a0kinowe.\u00a0W\u00a02001\u00a0roku\u00a0dzia\u0142a\u0142o\u00a0639\u00a0ma\u0142ych\u00a0kin\u00a0jedno-\u00a0lub\u00a0dwusalowych,\u00a0a\u00a011\u00a0lat\u00a0p\u00f3\u017aniej\u00a0ich\u00a0liczba\u00a0spad\u0142a\u00a0do\u00a0341. Pionier\u00a0Cinema,\u00a0Szczecin To\u00a0jedno\u00a0z\u00a0najstarszych\u00a0wci\u0105\u017c\u00a0u\u017cywanych\u00a0kin\u00a0na\u00a0\u015bwiecie\u00a0\u2013\u00a0o\u00a0czym\u00a0\u015bwiadczy\u00a0certyfikat\u00a0Guinness\u00a0World\u00a0Records.\u00a0Wed\u0142ug\u00a0oficjalnych\u00a0danych\u00a0pierwszy\u00a0pokaz\u00a0odby\u0142\u00a0si\u0119\u00a029\u00a0wrze\u015bnia\u00a01909\u00a0r.,\u00a0ale\u00a0niekt\u00f3rzy\u00a0badacze\u00a0twierdz\u0105,\u00a0\u017ce\u00a0zacz\u0105\u0142\u00a0dzia\u0142a\u0107\u00a0ju\u017c\u00a0dwa\u00a0lata\u00a0wcze\u015bniej.\u00a0Jej\u00a0tw\u00f3rc\u0105\u00a0i\u00a0pierwszym\u00a0w\u0142a\u015bcicielem\u00a0by\u0142\u00a0Otto\u00a0Blauert. Ten&nbsp;szczeci\u0144ski&nbsp;teatr&nbsp;kilkakrotnie&nbsp;zmienia\u0142&nbsp;nazw\u0119:&nbsp;najpierw&nbsp;nazywano&nbsp;Weltkinotheater,&nbsp;potem&nbsp;Odra,&nbsp;a&nbsp;od&nbsp;1950&nbsp;roku&nbsp;\u2013&nbsp;Pionier.&nbsp;W&nbsp;2002&nbsp;roku&nbsp;budynek&nbsp;zosta\u0142&nbsp;wyremontowany:&nbsp;kino&nbsp;zachowa\u0142o&nbsp;staromodny&nbsp;klimat,&nbsp;ale&nbsp;zyska\u0142o&nbsp;nowoczesne&nbsp;wyposa\u017cenie&nbsp;i&nbsp;niezwyk\u0142\u0105&nbsp;kawiarni\u0119,&nbsp;w&nbsp;kt\u00f3rej&nbsp;mo\u017cna&nbsp;r\u00f3wnie\u017c&nbsp;organizowa\u0107&nbsp;pokazy&nbsp;filmowe.&nbsp;Przypomina&nbsp;to&nbsp;pocz\u0105tek&nbsp;XX&nbsp;wieku&nbsp;,&nbsp;kiedy&nbsp;mo\u017cna&nbsp;by\u0142o&nbsp;ogl\u0105da\u0107&nbsp;filmy&nbsp;siedz\u0105c&nbsp;przy&nbsp;kawiarnianym&nbsp;stoliku,&nbsp;popijaj\u0105c&nbsp;kaw\u0119&nbsp;lub&nbsp;lampk\u0119&nbsp;wina. Pionier&nbsp;Cinema&nbsp;is&nbsp;located&nbsp;in&nbsp;an&nbsp;eclectic&nbsp;tenement&nbsp;building&nbsp;on&nbsp;Aleja&nbsp;Wojska&nbsp;Polskiego&nbsp;in&nbsp;Szczecin&nbsp;city&nbsp;centre. Kino\u00a0Rialto,\u00a0Katowice Widzowie\u00a0oczekuj\u0105cy\u00a0przed\u00a0kinem\u00a0&#8220;Rialto&#8221;\u00a0na\u00a0projekcj\u0119\u00a0filmu\u00a0z\u00a0uroczysto\u015bci\u00a0pogrzebowych\u00a0marsza\u0142ka\u00a0J\u00f3zefa\u00a0Pi\u0142sudskiego,\u00a0fot.www.audiovis.nac.gov.pl\u00a0(NAC) Kino\u00a0Rialto,\u00a0Katowice,\u00a0fot.\u00a0wikimedia.org.\u00a0Publiczno\u015b\u0107\u00a0czekaj\u0105ca\u00a0przed\u00a0kinem\u00a0Rialto\u00a0na\u00a0pokaz\u00a0ceremonii\u00a0pogrzebowej\u00a0Marsza\u0142ka\u00a0J\u00f3zefa\u00a0Pi\u0142sudskiego,\u00a0fot.\u00a0www.audiovis.nac.gov.pl\u00a0(NAC) Zbudowane\u00a0w\u00a0czasach\u00a0okupacji\u00a0tej\u00a0cz\u0119\u015bci\u00a0Polski\u00a0przez\u00a0Austro-W\u0119gry\u00a0Kino\u00a0Kammerlichtspiele\u00a0rozpocz\u0119\u0142o\u00a0dzia\u0142alno\u015b\u0107\u00a07\u00a0listopada\u00a01912\u00a0roku\u00a0w\u00a0zmodernizowanym\u00a0klasycystycznym\u00a0budynku\u00a0przy\u00a0ul.\u00a0\u015awi\u0119ty\u00a0Jan\u00a0w\u00a0Katowicach.\u00a0Jego\u00a0audytorium\u00a0na\u00a0800\u00a0miejsc\u00a0towarzyszy\u0142o\u00a0podium\u00a0dla\u00a020osobowej\u00a0orkiestry\u00a0\u2013\u00a0w\u00f3wczas\u00a0filmy\u00a0by\u0142y\u00a0w\u00f3wczas\u00a0nieme\u00a0(pierwszy\u00a0pokaz\u00a0z\u00a0d\u017awi\u0119kiem\u00a0w\u00a0tym\u00a0kinie\u00a0odby\u0142\u00a0si\u0119\u00a0w\u00a01929\u00a0roku).\u00a0Pomimo\u00a0zmiany\u00a0nazwy\u00a0na\u00a0Rialto,\u00a0kino\u00a0dzia\u0142a\u00a0w\u00a0tym\u00a0samym\u00a0budynku\u00a0do\u00a0dzi\u015b.\u00a0Wyremontowano\u00a0go\u00a0prawie\u00a0100\u00a0lat\u00a0po\u00a0otwarciu\u00a0w\u00a0latach\u00a02004-2005\u00a0i\u00a0unowocze\u015bniono\u00a0jego\u00a0wyposa\u017cenie.\u00a0Remont\u00a0obejmowa\u0142\u00a0przekszta\u0142cenie\u00a0go\u00a0w\u00a0wielofunkcyjne\u00a0kinoteatr,\u00a0z\u00a0centrum\u00a0kultury\u00a0z\u00a0sal\u0105\u00a0kinow\u0105,\u00a0scen\u0105\u00a0kabaretow\u0105,\u00a0galeri\u0105\u00a0i\u00a0klubem\u00a0senior\u00f3w. Kino\u00a0Iluzjon,\u00a0Warszawa Kino\u00a0Iluzjon,\u00a0Warszawa,\u00a02012,\u00a0fot.\u00a0Kuba\u00a0Atys\/AG,\u00a0Kino\u00a0Stolica\u00a0w\u00a0Warszawie,\u00a01955,\u00a0fot.\u00a0Archiwum\u00a0Fotograficzne\u00a0Zbyszka\u00a0Siemaszki\/www.audiovis.nac.gov.pl\u00a0(NAC)\u00a0Click\u00a0and\u00a0drag\u00a0to\u00a0moveIluzjon\u00a0Cinema,\u00a0Warsaw,\u00a02012,\u00a0photo:\u00a0Kuba\u00a0Atys\/AG,\u00a0Stolica\u00a0Cinema\u00a0in\u00a0Warsaw,\u00a01955,\u00a0photo:\u00a0Zbyszek\u00a0Siemaszka\u2019s\u00a0archive\/www.audiovis.nac.gov.pl\u00a0(NAC) W\u00a01939\u00a0przed\u00a0wojn\u0105\u00a0w\u00a0Warszawie\u00a0by\u0142o\u00a061\u00a0kin.\u00a0W\u00a01948\u00a0roku\u00a0zosta\u0142o\u00a0tylko\u00a0sze\u015b\u0107.\u00a0Zgodnie\u00a0z\u00a0ide\u0105,\u00a0\u017ce\u00a0film\u00a0mo\u017ce\u00a0odgrywa\u0107\u00a0rol\u0119\u00a0w\u00a0kszta\u0142towaniu\u00a0spo\u0142ecze\u0144stwa,\u00a0w\u00a0latach\u00a01948-1950\u00a0powsta\u0142o\u00a0sze\u015b\u0107\u00a0nowych\u00a0wolnostoj\u0105cych\u00a0nowoczesnych\u00a0kin.\u00a0Moskwa,\u00a0Praga,\u00a01\u00a0Maj,\u00a0Ochota\u00a0i\u00a0Stolica\u00a0zosta\u0142y\u00a0rozsiane\u00a0po\u00a0mie\u015bcie,\u00a0aby\u00a0udost\u0119pni\u0107\u00a0filmy\u00a0mieszka\u0144com\u00a0wszystkich\u00a0dzielnic.\u00a0Charakterystyczna\u00a0dla\u00a0wszystkich\u00a0by\u0142a\u00a0ich\u00a0modernistyczna\u00a0architektura. Niestety&nbsp;tylko&nbsp;jedno&nbsp;z&nbsp;nich&nbsp;zachowa\u0142o&nbsp;swoj\u0105&nbsp;pierwotn\u0105&nbsp;funkcj\u0119&nbsp;i&nbsp;form\u0119&nbsp;\u2013&nbsp;dawne&nbsp;Kino&nbsp;Stolica&nbsp;\u2013&nbsp;dzi\u015b&nbsp;nazywane&nbsp;Iluzjon.&nbsp;Zosta\u0142&nbsp;nawet&nbsp;wpisany&nbsp;do&nbsp;rejestru&nbsp;zabytk\u00f3w.&nbsp;Pieczo\u0142owicie&nbsp;odrestaurowany&nbsp;i&nbsp;po\u0142o\u017cony&nbsp;na&nbsp;niewielkim&nbsp;parkowym&nbsp;skwerze&nbsp;na&nbsp;Mokotowie,&nbsp;nale\u017cy&nbsp;do&nbsp;Filmoteki&nbsp;Narodowej&nbsp;i&nbsp;dzi\u0119ki&nbsp;temu&nbsp;na&nbsp;co&nbsp;dzie\u0144&nbsp;prezentuje&nbsp;rzadko&nbsp;pokazywane&nbsp;celuloidowe&nbsp;klasyki.&nbsp;Kino&nbsp;posiada&nbsp;charakterystyczn\u0105&nbsp;rotund\u0119&nbsp;od&nbsp;frontu&nbsp;i&nbsp;falisty&nbsp;dach&nbsp;nad&nbsp;g\u0142\u00f3wnym&nbsp;budynkiem&nbsp;oraz&nbsp;dwie&nbsp;sale&nbsp;kinowe.&nbsp;Zaprojektowany&nbsp;w&nbsp;1948&nbsp;r.&nbsp;przez&nbsp;Mieczys\u0142awa&nbsp;Pipreka,&nbsp;w&nbsp;2012&nbsp;r.&nbsp;przeprowadzono&nbsp;renowacj\u0119&nbsp;wed\u0142ug&nbsp;pierwotnych&nbsp;plan\u00f3w&nbsp;wed\u0142ug&nbsp;projektu&nbsp;zespo\u0142u&nbsp;architekt\u00f3w&nbsp;pod&nbsp;kierunkiem&nbsp;Tadeusza&nbsp;A.&nbsp;\u017bery. Kij\u00f3w\u00a0Cinema,\u00a0Krak\u00f3w Mozaika\u00a0w\u00a0holu\u00a0g\u0142\u00f3wnym\u00a0kina\u00a0&#8220;Kij\u00f3w&#8221;\u00a0oraz\u00a0budynek\u00a0kina,\u00a0fot.\u00a0Jan\u00a0Graczynski\/East\u00a0News,\u00a0wikimedia.org.\u00a0Tylna\u00a0\u015bciana\u00a0kina\u00a0&#8220;Kij\u00f3w&#8221;,\u00a0proj.\u00a0Witold\u00a0C\u0119ckiewicz,\u00a01965-1966\u00a0al.\u00a0Krasi\u0144skiego\u00a034,\u00a0fotografia\u00a0z\u00a0ksi\u0105\u017cki\u00a0&#8220;Kolor\u00a0i\u00a0blask&#8221;,\u00a02015,\u00a0fot.\u00a0Bo\u017cena\u00a0Kostuch\u00a0\/\u00a0Muzeum\u00a0Narodowe\u00a0w\u00a0Krakowie Mosaic\u00a0in\u00a0the\u00a0main\u00a0hall\u00a0of\u00a0Kij\u00f3w\u00a0Cinema\u00a0and\u00a0the\u00a0cinema\u00a0building,\u00a0photo:\u00a0Jan\u00a0Graczynski\/East\u00a0News,\u00a0wikimedia.org.\u00a0Back\u00a0wall\u00a0of\u00a0Kij\u00f3w\u00a0Cinema,\u00a0designed\u00a0by\u00a0Witold\u00a0C\u0119ckiewicz,\u00a01965-1966,\u00a034\u00a0Krasi\u0144ski\u00a0Street,\u00a0photo\u00a0from\u00a0the\u00a0book\u00a0Kolor\u00a0i\u00a0Blask,\u00a02015,\u00a0photo:\u00a0Bo\u017cena\u00a0Kostuch\/National\u00a0Museum\u00a0in\u00a0Krak\u00f3w Kino\u00a0Kij\u00f3w\u00a0zosta\u0142o\u00a0zaprojektowane\u00a0przez\u00a0Witolda\u00a0C\u0119ckiewicza\u00a0i\u00a0wybudowane\u00a0w\u00a0latach\u00a01959-1966.\u00a0Szczeg\u00f3lnie\u00a0niezwyk\u0142\u0105\u00a0cech\u0105\u00a0jest\u00a0fizyczne\u00a0po\u0142\u0105czenie\u00a0budynku\u00a0z\u00a0s\u0105siednim\u00a0modernistycznym\u00a0Hotelem\u00a0Cracovia\u00a0poprzez\u00a0system\u00a0taras\u00f3w\u00a0i\u00a0podest\u00f3w.\u00a0Mimo\u00a0plan\u00f3w\u00a0wyburzenia\u00a0hotelu,\u00a0budynek\u00a0szcz\u0119\u015bliwie\u00a0przej\u0119\u0142o\u00a0Muzeum\u00a0Narodowe\u00a0w\u00a0Krakowie.\u00a0Kino\u00a0dzia\u0142a\u00a0nieprzerwanie\u00a0od\u00a0momentu\u00a0otwarcia\u00a0i\u00a0pozostaje\u00a0bardzo\u00a0popularne\u00a0w\u015br\u00f3d\u00a0mieszka\u0144c\u00f3w. Wpisany&nbsp;do&nbsp;rejestru&nbsp;zabytk\u00f3w&nbsp;w&nbsp;2016&nbsp;roku&nbsp;budynek&nbsp;posiada&nbsp;kilka&nbsp;charakterystycznych&nbsp;cech,&nbsp;m.in.&nbsp;wisz\u0105cy&nbsp;\u0142ukowaty&nbsp;dach,&nbsp;przeszklon\u0105&nbsp;fasad\u0119&nbsp;oraz&nbsp;mozaik\u0119&nbsp;z&nbsp;motywem&nbsp;s\u0142o\u0144ca&nbsp;pokrywaj\u0105c\u0105&nbsp;jedn\u0105&nbsp;ze&nbsp;\u015bcian.&nbsp;R\u00f3wnie&nbsp;dopracowane&nbsp;jest&nbsp;wn\u0119trze:&nbsp;\u015bcian\u0119&nbsp;foyer&nbsp;pokrywa&nbsp;monumentalna&nbsp;kompozycja&nbsp;ceramiczna&nbsp;(zaprojektowa\u0142a&nbsp;Krystyna&nbsp;Zgud-Strachocka),&nbsp;a&nbsp;nowoczesna&nbsp;widownia&nbsp;mo\u017ce&nbsp;pomie\u015bci\u0107&nbsp;nawet&nbsp;960&nbsp;widz\u00f3w&nbsp;(przez&nbsp;d\u0142ugi&nbsp;czas&nbsp;Kij\u00f3w&nbsp;by\u0142&nbsp;najwi\u0119kszym&nbsp;kinem&nbsp;w&nbsp;Krakowie&nbsp;). Apollo\u00a0Cinema,\u00a0Pozna\u0144 Kino\u00a0&#8220;Apollo&#8221;,\u00a0Pozna\u0144,\u00a01925,\u00a0fot.\u00a0www.audiovis.nac.gov.pl\u00a0(NAC).\u00a0Wn\u0119trze\u00a0sali\u00a0kina\u00a0&#8220;Apollo&#8221;\u00a0w\u00a0Poznaniu,\u00a0fot.\u00a0\u0141ukasz\u00a0Cynalewski\/AG.\u00a0Kino\u00a0&#8220;Apollo&#8221;,\u00a0Pozna\u0144,\u00a0fot.\u00a0wikimedia.org Apollo\u00a0Cinema,\u00a0Pozna\u0144,\u00a01925,\u00a0photo:\u00a0www.audiovis.nac.gov.pl\u00a0(NAC);\u00a0The\u00a0auditorium\u00a0in\u00a0Apollo\u00a0Cinema\u00a0in\u00a0Pozna\u0144,\u00a0photo:\u00a0\u0141ukasz\u00a0Cynalewski\/AG;\u00a0Apollo\u00a0Cinema,\u00a0Pozna\u0144,\u00a0photo:\u00a0wikimedia.org W\u00a01846\u00a0r.\u00a0pruski\u00a0przemys\u0142owiec\u00a0Conrad\u00a0Lambert\u00a0wybudowa\u0142\u00a0w\u00a0Poznaniu\u00a0pasa\u017c\u00a0handlowy\u00a0Apollo\u00a0pomi\u0119dzy\u00a0ulicami\u00a0Ratajczaka\u00a0i\u00a0Piekary.\u00a0Po\u00a0I\u00a0wojnie\u00a0\u015bwiatowej\u00a0i\u00a0odzyskaniu\u00a0przez\u00a0Polsk\u0119\u00a0ziem\u00a0polscy\u00a0inwestorzy\u00a0J\u00f3zef\u00a0Czepczy\u0144ski\u00a0i\u00a0Jan\u00a0\u0141uczak\u00a0utworzyli\u00a0w\u00a0pasa\u017cu\u00a0kino,\u00a0kt\u00f3re\u00a0dzia\u0142a\u00a0do\u00a0dzi\u015b.\u00a0W\u00a0okresie\u00a0mi\u0119dzywojennym\u00a0by\u0142o\u00a0to\u00a0jedno\u00a0z\u00a0najpopularniejszych\u00a0miejsc\u00a0w\u00a0Poznaniu\u00a0i\u00a0najwi\u0119ksze\u00a0kino\u00a0w\u00a0mie\u015bcie\u00a0(mog\u0142o\u00a0pomie\u015bci\u0107\u00a0900\u00a0os\u00f3b).\u00a0W\u00a02005\u00a0roku\u00a0kino\u00a0zosta\u0142o\u00a0wyremontowane\u00a0i\u00a0zmodernizowane.\u00a0Nowe\u00a0wn\u0119trze\u00a0zosta\u0142o\u00a0zainspirowane\u00a0stylem\u00a0Art\u00a0Deco\u00a0i\u00a0nawi\u0105zuje\u00a0do\u00a0z\u0142otego\u00a0wieku\u00a0kina.<\/p>\n","protected":false},"author":1,"featured_media":0,"parent":0,"menu_order":0,"comment_status":"closed","ping_status":"closed","template":"","meta":[],"_links":{"self":[{"href":"https:\/\/wybrzezak.org\/index.php?rest_route=\/wp\/v2\/pages\/5"}],"collection":[{"href":"https:\/\/wybrzezak.org\/index.php?rest_route=\/wp\/v2\/pages"}],"about":[{"href":"https:\/\/wybrzezak.org\/index.php?rest_route=\/wp\/v2\/types\/page"}],"author":[{"embeddable":true,"href":"https:\/\/wybrzezak.org\/index.php?rest_route=\/wp\/v2\/users\/1"}],"replies":[{"embeddable":true,"href":"https:\/\/wybrzezak.org\/index.php?rest_route=%2Fwp%2Fv2%2Fcomments&post=5"}],"version-history":[{"count":1,"href":"https:\/\/wybrzezak.org\/index.php?rest_route=\/wp\/v2\/pages\/5\/revisions"}],"predecessor-version":[{"id":10,"href":"https:\/\/wybrzezak.org\/index.php?rest_route=\/wp\/v2\/pages\/5\/revisions\/10"}],"wp:attachment":[{"href":"https:\/\/wybrzezak.org\/index.php?rest_route=%2Fwp%2Fv2%2Fmedia&parent=5"}],"curies":[{"name":"wp","href":"https:\/\/api.w.org\/{rel}","templated":true}]}}